{"id":87,"date":"2024-02-07T14:17:23","date_gmt":"2024-02-07T13:17:23","guid":{"rendered":"http:\/\/luigi-italie.com\/?page_id=87"},"modified":"2025-07-23T15:10:20","modified_gmt":"2025-07-23T13:10:20","slug":"cafe-annecy","status":"publish","type":"page","link":"https:\/\/luigi-italie.com\/index.php\/cafe-annecy\/","title":{"rendered":"Torr\u00e9faction"},"content":{"rendered":"<p>[et_pb_section fb_built=\u00a0\u00bb1&Prime; _builder_version=\u00a0\u00bb4.23.1&Prime; _module_preset=\u00a0\u00bbdefault\u00a0\u00bb background_image=\u00a0\u00bbhttps:\/\/luigi-italie.com\/wp-content\/uploads\/2025\/07\/Cafe-Luigi.jpg\u00a0\u00bb height=\u00a0\u00bb390px\u00a0\u00bb height_tablet=\u00a0\u00bb390px\u00a0\u00bb height_phone=\u00a0\u00bb390px\u00a0\u00bb height_last_edited=\u00a0\u00bbon|desktop\u00a0\u00bb custom_margin=\u00a0\u00bb||-2px|||\u00a0\u00bb hover_enabled=\u00a0\u00bb0&Prime; background_last_edited=\u00a0\u00bbon|phone\u00a0\u00bb global_colors_info=\u00a0\u00bb{}\u00a0\u00bb title_text=\u00a0\u00bbCafe-Luigi\u00a0\u00bb sticky_enabled=\u00a0\u00bb0&Prime;][\/et_pb_section][et_pb_section fb_built=\u00a0\u00bb1&Prime; _builder_version=\u00a0\u00bb4.23.1&Prime; _module_preset=\u00a0\u00bbdefault\u00a0\u00bb background_color=\u00a0\u00bb#f4eee3&Prime; custom_padding=\u00a0\u00bb15px|||||\u00a0\u00bb global_colors_info=\u00a0\u00bb{}\u00a0\u00bb][et_pb_row _builder_version=\u00a0\u00bb4.23.1&Prime; _module_preset=\u00a0\u00bbdefault\u00a0\u00bb global_colors_info=\u00a0\u00bb{}\u00a0\u00bb][et_pb_column type=\u00a0\u00bb4_4&Prime; _builder_version=\u00a0\u00bb4.23.1&Prime; _module_preset=\u00a0\u00bbdefault\u00a0\u00bb global_colors_info=\u00a0\u00bb{}\u00a0\u00bb][et_pb_text _builder_version=\u00a0\u00bb4.23.1&Prime; _module_preset=\u00a0\u00bbdefault\u00a0\u00bb text_font=\u00a0\u00bb|||on|||||\u00a0\u00bb header_text_align=\u00a0\u00bbcenter\u00a0\u00bb header_text_color=\u00a0\u00bb#8da25f\u00a0\u00bb header_font_size=\u00a0\u00bb47px\u00a0\u00bb text_font_size_tablet=\u00a0\u00bb\u00a0\u00bb text_font_size_phone=\u00a0\u00bb\u00a0\u00bb text_font_size_last_edited=\u00a0\u00bbon|phone\u00a0\u00bb header_font_size_tablet=\u00a0\u00bb47px\u00a0\u00bb header_font_size_phone=\u00a0\u00bb42px\u00a0\u00bb header_font_size_last_edited=\u00a0\u00bbon|phone\u00a0\u00bb global_colors_info=\u00a0\u00bb{}\u00a0\u00bb]<\/p>\n<h1><strong>Torr\u00e9faction artisanale<br \/>\u00e0 l\u2019italienne<\/strong><\/h1>\n<p>[\/et_pb_text][et_pb_text _builder_version=\u00a0\u00bb4.23.1&Prime; _module_preset=\u00a0\u00bbdefault\u00a0\u00bb custom_margin=\u00a0\u00bb-6px||-11px||false|false\u00a0\u00bb global_colors_info=\u00a0\u00bb{}\u00a0\u00bb]<\/p>\n<p style=\"text-align: center;\">Nos profils de torr\u00e9factions sont destin\u00e9s \u00e0 des d\u00e9gustations \u00ab italiennes \u00bb : des caf\u00e9s courts (espresso, ristretto) ou cappuccino.<\/p>\n<p style=\"text-align: center;\"><strong>Nous torr\u00e9fions votre caf\u00e9 uniquement \u00e0 la demande, rien que pour vous, selon vos go\u00fbts. <br \/><\/strong><strong>Un service unique et personnalis\u00e9 pour un caf\u00e9 d&rsquo;une qualit\u00e9 exceptionnelle !\u00a0<\/strong><\/p>\n<p>[\/et_pb_text][\/et_pb_column][\/et_pb_row][et_pb_row _builder_version=\u00a0\u00bb4.23.1&Prime; _module_preset=\u00a0\u00bbdefault\u00a0\u00bb global_colors_info=\u00a0\u00bb{}\u00a0\u00bb][et_pb_column type=\u00a0\u00bb4_4&Prime; _builder_version=\u00a0\u00bb4.23.1&Prime; _module_preset=\u00a0\u00bbdefault\u00a0\u00bb global_colors_info=\u00a0\u00bb{}\u00a0\u00bb][et_pb_text _builder_version=\u00a0\u00bb4.23.1&Prime; _module_preset=\u00a0\u00bbdefault\u00a0\u00bb text_font=\u00a0\u00bb|||on|on|||#8da25f|\u00a0\u00bb text_text_color=\u00a0\u00bb#8da25f\u00a0\u00bb text_font_size=\u00a0\u00bb23px\u00a0\u00bb custom_margin=\u00a0\u00bb||12px||false|false\u00a0\u00bb global_colors_info=\u00a0\u00bb{}\u00a0\u00bb]<\/p>\n<p class=\"p1\" style=\"text-align: center;\"><b><strong><span style=\"text-decoration: underline;\">Ethiopie Arabica Moka Lekempti<\/span><\/strong><\/b><\/p>\n<p>[\/et_pb_text][et_pb_image src=\u00a0\u00bbhttps:\/\/luigi-italie.com\/wp-content\/uploads\/2024\/06\/Cafe-Luigi.png\u00a0\u00bb alt=\u00a0\u00bbCaf\u00e9 Luigi\u00a0\u00bb title_text=\u00a0\u00bbCafe\u0301-Luigi-7.50&Prime; align=\u00a0\u00bbcenter\u00a0\u00bb _builder_version=\u00a0\u00bb4.23.1&Prime; _module_preset=\u00a0\u00bbdefault\u00a0\u00bb height=\u00a0\u00bb230px\u00a0\u00bb global_colors_info=\u00a0\u00bb{}\u00a0\u00bb][\/et_pb_image][et_pb_text _builder_version=\u00a0\u00bb4.23.1&Prime; _module_preset=\u00a0\u00bbdefault\u00a0\u00bb text_font_size=\u00a0\u00bb21px\u00a0\u00bb custom_margin=\u00a0\u00bb-14px|||||\u00a0\u00bb global_colors_info=\u00a0\u00bb{}\u00a0\u00bb]<\/p>\n<p style=\"text-align: center;\"><b>250gr \u2248 33 espresso<\/b><\/p>\n<p>[\/et_pb_text][\/et_pb_column][\/et_pb_row][et_pb_row column_structure=\u00a0\u00bb1_5,1_5,1_5,1_5,1_5&Prime; _builder_version=\u00a0\u00bb4.23.1&Prime; _module_preset=\u00a0\u00bbdefault\u00a0\u00bb global_colors_info=\u00a0\u00bb{}\u00a0\u00bb][et_pb_column type=\u00a0\u00bb1_5&Prime; _builder_version=\u00a0\u00bb4.23.1&Prime; _module_preset=\u00a0\u00bbdefault\u00a0\u00bb global_colors_info=\u00a0\u00bb{}\u00a0\u00bb][et_pb_image src=\u00a0\u00bbhttps:\/\/luigi-italie.com\/wp-content\/uploads\/2024\/06\/Pictogrammes-04.png\u00a0\u00bb alt=\u00a0\u00bb100% Arabica\u00a0\u00bb title_text=\u00a0\u00bb100% Arabica\u00a0\u00bb _builder_version=\u00a0\u00bb4.23.1&Prime; _module_preset=\u00a0\u00bbdefault\u00a0\u00bb width=\u00a0\u00bb100%\u00a0\u00bb max_width=\u00a0\u00bb60%\u00a0\u00bb max_width_tablet=\u00a0\u00bb60%\u00a0\u00bb max_width_phone=\u00a0\u00bb30%\u00a0\u00bb max_width_last_edited=\u00a0\u00bbon|phone\u00a0\u00bb module_alignment=\u00a0\u00bbcenter\u00a0\u00bb custom_margin=\u00a0\u00bb||10px||false|false\u00a0\u00bb global_colors_info=\u00a0\u00bb{}\u00a0\u00bb][\/et_pb_image][et_pb_text _builder_version=\u00a0\u00bb4.23.1&Prime; _module_preset=\u00a0\u00bbdefault\u00a0\u00bb global_colors_info=\u00a0\u00bb{}\u00a0\u00bb]<\/p>\n<p style=\"text-align: center;\">100% Arabica<\/p>\n<p>[\/et_pb_text][\/et_pb_column][et_pb_column type=\u00a0\u00bb1_5&Prime; _builder_version=\u00a0\u00bb4.23.1&Prime; _module_preset=\u00a0\u00bbdefault\u00a0\u00bb global_colors_info=\u00a0\u00bb{}\u00a0\u00bb][et_pb_image src=\u00a0\u00bbhttps:\/\/luigi-italie.com\/wp-content\/uploads\/2024\/06\/Pictogrammes-17.png\u00a0\u00bb alt=\u00a0\u00bbOrigine caf\u00e9 : Ethiopie\u00a0\u00bb title_text=\u00a0\u00bbOrigine caf\u00e9 : Ethiopie\u00a0\u00bb _builder_version=\u00a0\u00bb4.23.1&Prime; _module_preset=\u00a0\u00bbdefault\u00a0\u00bb max_width=\u00a0\u00bb60%\u00a0\u00bb max_width_tablet=\u00a0\u00bb60%\u00a0\u00bb max_width_phone=\u00a0\u00bb30%\u00a0\u00bb max_width_last_edited=\u00a0\u00bbon|desktop\u00a0\u00bb module_alignment=\u00a0\u00bbcenter\u00a0\u00bb custom_margin=\u00a0\u00bb||10px||false|false\u00a0\u00bb global_colors_info=\u00a0\u00bb{}\u00a0\u00bb][\/et_pb_image][et_pb_text _builder_version=\u00a0\u00bb4.23.1&Prime; _module_preset=\u00a0\u00bbdefault\u00a0\u00bb global_colors_info=\u00a0\u00bb{}\u00a0\u00bb]<\/p>\n<p style=\"text-align: center;\">Ethiopie<\/p>\n<p>[\/et_pb_text][\/et_pb_column][et_pb_column type=\u00a0\u00bb1_5&Prime; _builder_version=\u00a0\u00bb4.23.1&Prime; _module_preset=\u00a0\u00bbdefault\u00a0\u00bb global_colors_info=\u00a0\u00bb{}\u00a0\u00bb][et_pb_image src=\u00a0\u00bbhttps:\/\/luigi-italie.com\/wp-content\/uploads\/2024\/06\/Pictogrammes-06.png\u00a0\u00bb alt=\u00a0\u00bbGo\u00fbt du caf\u00e9\u00a0\u00bb title_text=\u00a0\u00bbGo\u00fbt du caf\u00e9\u00a0\u00bb _builder_version=\u00a0\u00bb4.23.1&Prime; _module_preset=\u00a0\u00bbdefault\u00a0\u00bb max_width=\u00a0\u00bb60%\u00a0\u00bb max_width_tablet=\u00a0\u00bb60%\u00a0\u00bb max_width_phone=\u00a0\u00bb30%\u00a0\u00bb max_width_last_edited=\u00a0\u00bbon|phone\u00a0\u00bb module_alignment=\u00a0\u00bbcenter\u00a0\u00bb custom_margin=\u00a0\u00bb||10px||false|false\u00a0\u00bb global_colors_info=\u00a0\u00bb{}\u00a0\u00bb][\/et_pb_image][et_pb_text _builder_version=\u00a0\u00bb4.23.1&Prime; _module_preset=\u00a0\u00bbdefault\u00a0\u00bb global_colors_info=\u00a0\u00bb{}\u00a0\u00bb]<\/p>\n<p style=\"text-align: center;\">Gourmand, unique, qui allie puissance et d\u00e9licate finesse<\/p>\n<p>[\/et_pb_text][\/et_pb_column][et_pb_column type=\u00a0\u00bb1_5&Prime; _builder_version=\u00a0\u00bb4.23.1&Prime; _module_preset=\u00a0\u00bbdefault\u00a0\u00bb global_colors_info=\u00a0\u00bb{}\u00a0\u00bb][et_pb_image src=\u00a0\u00bbhttps:\/\/luigi-italie.com\/wp-content\/uploads\/2024\/06\/Pictogrammes-07.png\u00a0\u00bb alt=\u00a0\u00bbProduction eco-responsable\u00a0\u00bb title_text=\u00a0\u00bbProduction eco-responsable\u00a0\u00bb _builder_version=\u00a0\u00bb4.23.1&Prime; _module_preset=\u00a0\u00bbdefault\u00a0\u00bb max_width=\u00a0\u00bb60%\u00a0\u00bb max_width_tablet=\u00a0\u00bb60%\u00a0\u00bb max_width_phone=\u00a0\u00bb30%\u00a0\u00bb max_width_last_edited=\u00a0\u00bbon|phone\u00a0\u00bb module_alignment=\u00a0\u00bbcenter\u00a0\u00bb custom_margin=\u00a0\u00bb||10px||false|false\u00a0\u00bb global_colors_info=\u00a0\u00bb{}\u00a0\u00bb][\/et_pb_image][et_pb_text _builder_version=\u00a0\u00bb4.23.1&Prime; _module_preset=\u00a0\u00bbdefault\u00a0\u00bb global_colors_info=\u00a0\u00bb{}\u00a0\u00bb]<\/p>\n<p style=\"text-align: center;\">Cultiv\u00e9 de mani\u00e8re artisanale et responsable, sans pesticides ni engrais chimique<\/p>\n<p>[\/et_pb_text][\/et_pb_column][et_pb_column type=\u00a0\u00bb1_5&Prime; _builder_version=\u00a0\u00bb4.23.1&Prime; _module_preset=\u00a0\u00bbdefault\u00a0\u00bb global_colors_info=\u00a0\u00bb{}\u00a0\u00bb][et_pb_image src=\u00a0\u00bbhttps:\/\/luigi-italie.com\/wp-content\/uploads\/2024\/06\/Pictogrammes-08.png\u00a0\u00bb alt=\u00a0\u00bbMod\u00e8le vertueux\u00a0\u00bb title_text=\u00a0\u00bbMod\u00e8le vertueux\u00a0\u00bb _builder_version=\u00a0\u00bb4.23.1&Prime; _module_preset=\u00a0\u00bbdefault\u00a0\u00bb max_width=\u00a0\u00bb60%\u00a0\u00bb max_width_tablet=\u00a0\u00bb60%\u00a0\u00bb max_width_phone=\u00a0\u00bb30%\u00a0\u00bb max_width_last_edited=\u00a0\u00bbon|phone\u00a0\u00bb module_alignment=\u00a0\u00bbcenter\u00a0\u00bb custom_margin=\u00a0\u00bb||10px||false|false\u00a0\u00bb global_colors_info=\u00a0\u00bb{}\u00a0\u00bb][\/et_pb_image][et_pb_text _builder_version=\u00a0\u00bb4.23.1&Prime; _module_preset=\u00a0\u00bbdefault\u00a0\u00bb global_colors_info=\u00a0\u00bb{}\u00a0\u00bb]<\/p>\n<p style=\"text-align: center;\">S&rsquo;inscrit dans un mod\u00e8le vertueux visant \u00e0 soutenir les producteurs locaux et leurs familles<\/p>\n<p>[\/et_pb_text][\/et_pb_column][\/et_pb_row][et_pb_row _builder_version=\u00a0\u00bb4.23.1&Prime; _module_preset=\u00a0\u00bbdefault\u00a0\u00bb global_colors_info=\u00a0\u00bb{}\u00a0\u00bb][et_pb_column type=\u00a0\u00bb4_4&Prime; _builder_version=\u00a0\u00bb4.23.1&Prime; _module_preset=\u00a0\u00bbdefault\u00a0\u00bb global_colors_info=\u00a0\u00bb{}\u00a0\u00bb][et_pb_text _builder_version=\u00a0\u00bb4.23.1&Prime; _module_preset=\u00a0\u00bbdefault\u00a0\u00bb text_font=\u00a0\u00bb|700||on|||||\u00a0\u00bb text_font_size=\u00a0\u00bb17px\u00a0\u00bb global_colors_info=\u00a0\u00bb{}\u00a0\u00bb]<\/p>\n<p class=\"p1\" style=\"text-align: center;\">Disponible en 3 intensit\u00e9s diff\u00e9rentes en fonction de votre go\u00fbt<\/p>\n<p>[\/et_pb_text][\/et_pb_column][\/et_pb_row][et_pb_row column_structure=\u00a0\u00bb1_3,1_3,1_3&Prime; _builder_version=\u00a0\u00bb4.23.1&Prime; _module_preset=\u00a0\u00bbdefault\u00a0\u00bb custom_margin=\u00a0\u00bb-25px||||false|false\u00a0\u00bb global_colors_info=\u00a0\u00bb{}\u00a0\u00bb][et_pb_column type=\u00a0\u00bb1_3&Prime; _builder_version=\u00a0\u00bb4.23.1&Prime; _module_preset=\u00a0\u00bbdefault\u00a0\u00bb global_colors_info=\u00a0\u00bb{}\u00a0\u00bb][et_pb_text _builder_version=\u00a0\u00bb4.23.1&Prime; _module_preset=\u00a0\u00bbdefault\u00a0\u00bb text_text_color=\u00a0\u00bb#FFFFFF\u00a0\u00bb background_color=\u00a0\u00bb#7b5522&Prime; text_orientation=\u00a0\u00bbcenter\u00a0\u00bb module_alignment=\u00a0\u00bbcenter\u00a0\u00bb height=\u00a0\u00bb100px\u00a0\u00bb custom_padding=\u00a0\u00bb22px||22px||false|false\u00a0\u00bb border_radii=\u00a0\u00bbon|14px|14px|14px|14px\u00a0\u00bb global_colors_info=\u00a0\u00bb{}\u00a0\u00bb]<\/p>\n<p class=\"p1\" style=\"text-align: center;\"><span style=\"text-decoration: underline;\"><strong>Une intensit\u00e9 l\u00e9g\u00e8re<\/strong><\/span><br \/>Un go\u00fbt en douceur<\/p>\n<p>[\/et_pb_text][\/et_pb_column][et_pb_column type=\u00a0\u00bb1_3&Prime; _builder_version=\u00a0\u00bb4.23.1&Prime; _module_preset=\u00a0\u00bbdefault\u00a0\u00bb global_colors_info=\u00a0\u00bb{}\u00a0\u00bb][et_pb_text _builder_version=\u00a0\u00bb4.23.1&Prime; _module_preset=\u00a0\u00bbdefault\u00a0\u00bb text_text_color=\u00a0\u00bb#FFFFFF\u00a0\u00bb background_color=\u00a0\u00bb#563c13&Prime; text_orientation=\u00a0\u00bbcenter\u00a0\u00bb module_alignment=\u00a0\u00bbcenter\u00a0\u00bb height=\u00a0\u00bb100px\u00a0\u00bb custom_padding=\u00a0\u00bb22px||22px||false|false\u00a0\u00bb border_radii=\u00a0\u00bbon|14px|14px|14px|14px\u00a0\u00bb global_colors_info=\u00a0\u00bb{}\u00a0\u00bb]<\/p>\n<p class=\"p1\" style=\"text-align: center;\"><span style=\"text-decoration: underline;\"><strong>Une intensit\u00e9 moyenne<\/strong><\/span><br \/>Un go\u00fbt \u00e9quilibr\u00e9<\/p>\n<p>[\/et_pb_text][\/et_pb_column][et_pb_column type=\u00a0\u00bb1_3&Prime; _builder_version=\u00a0\u00bb4.23.1&Prime; _module_preset=\u00a0\u00bbdefault\u00a0\u00bb global_colors_info=\u00a0\u00bb{}\u00a0\u00bb][et_pb_text _builder_version=\u00a0\u00bb4.23.1&Prime; _module_preset=\u00a0\u00bbdefault\u00a0\u00bb text_text_color=\u00a0\u00bb#FFFFFF\u00a0\u00bb background_color=\u00a0\u00bb#231700&Prime; text_orientation=\u00a0\u00bbcenter\u00a0\u00bb module_alignment=\u00a0\u00bbcenter\u00a0\u00bb height=\u00a0\u00bb100px\u00a0\u00bb custom_padding=\u00a0\u00bb22px||22px||false|false\u00a0\u00bb border_radii=\u00a0\u00bbon|14px|14px|14px|14px\u00a0\u00bb global_colors_info=\u00a0\u00bb{}\u00a0\u00bb]<\/p>\n<p class=\"p1\" style=\"text-align: center;\"><span style=\"text-decoration: underline;\"><strong>Une intensit\u00e9 forte<\/strong><\/span><br \/>Un go\u00fbt marqu\u00e9<\/p>\n<p>[\/et_pb_text][\/et_pb_column][\/et_pb_row][et_pb_row _builder_version=\u00a0\u00bb4.23.1&Prime; _module_preset=\u00a0\u00bbdefault\u00a0\u00bb global_colors_info=\u00a0\u00bb{}\u00a0\u00bb][et_pb_column type=\u00a0\u00bb4_4&Prime; _builder_version=\u00a0\u00bb4.23.1&Prime; _module_preset=\u00a0\u00bbdefault\u00a0\u00bb global_colors_info=\u00a0\u00bb{}\u00a0\u00bb][et_pb_text _builder_version=\u00a0\u00bb4.23.1&Prime; _module_preset=\u00a0\u00bbdefault\u00a0\u00bb global_colors_info=\u00a0\u00bb{}\u00a0\u00bb]<\/p>\n<p class=\"p1\">Nous vous proposons ce caf\u00e9 conditionn\u00e9 en <strong>sachets de 250gr<\/strong>, uniquement <strong>en grains<\/strong>, pour <strong>pr\u00e9server sa grande qualit\u00e9 et toutes ses ar\u00f4mes<\/strong>.<br \/><i>(Le caf\u00e9 moulu perd sa fra\u00eecheur maximale apr\u00e8s seulement une trentaine de minutes.)<\/i><\/p>\n<p>[\/et_pb_text][\/et_pb_column][\/et_pb_row][et_pb_row _builder_version=\u00a0\u00bb4.23.1&Prime; _module_preset=\u00a0\u00bbdefault\u00a0\u00bb global_colors_info=\u00a0\u00bb{}\u00a0\u00bb][et_pb_column type=\u00a0\u00bb4_4&Prime; _builder_version=\u00a0\u00bb4.23.1&Prime; _module_preset=\u00a0\u00bbdefault\u00a0\u00bb global_colors_info=\u00a0\u00bb{}\u00a0\u00bb][et_pb_divider divider_position=\u00a0\u00bbcenter\u00a0\u00bb _builder_version=\u00a0\u00bb4.23.1&Prime; _module_preset=\u00a0\u00bbdefault\u00a0\u00bb width=\u00a0\u00bb24%\u00a0\u00bb module_alignment=\u00a0\u00bbcenter\u00a0\u00bb locked=\u00a0\u00bboff\u00a0\u00bb global_colors_info=\u00a0\u00bb{}\u00a0\u00bb][\/et_pb_divider][\/et_pb_column][\/et_pb_row][et_pb_row column_structure=\u00a0\u00bb2_5,3_5&Prime; _builder_version=\u00a0\u00bb4.23.1&Prime; _module_preset=\u00a0\u00bbdefault\u00a0\u00bb global_colors_info=\u00a0\u00bb{}\u00a0\u00bb][et_pb_column type=\u00a0\u00bb2_5&Prime; _builder_version=\u00a0\u00bb4.23.1&Prime; _module_preset=\u00a0\u00bbdefault\u00a0\u00bb global_colors_info=\u00a0\u00bb{}\u00a0\u00bb][et_pb_image src=\u00a0\u00bbhttps:\/\/luigi-italie.com\/wp-content\/uploads\/2024\/03\/Tasse-de-cafe-en-grains-bis.png\u00a0\u00bb alt=\u00a0\u00bbTasse de caf\u00e9\u00a0\u00bb title_text=\u00a0\u00bbTasse de cafe\u0301 en grains bis\u00a0\u00bb align=\u00a0\u00bbcenter\u00a0\u00bb _builder_version=\u00a0\u00bb4.23.1&Prime; _module_preset=\u00a0\u00bbdefault\u00a0\u00bb global_colors_info=\u00a0\u00bb{}\u00a0\u00bb][\/et_pb_image][\/et_pb_column][et_pb_column type=\u00a0\u00bb3_5&Prime; _builder_version=\u00a0\u00bb4.23.1&Prime; _module_preset=\u00a0\u00bbdefault\u00a0\u00bb global_colors_info=\u00a0\u00bb{}\u00a0\u00bb][et_pb_text _builder_version=\u00a0\u00bb4.23.1&Prime; _module_preset=\u00a0\u00bbdefault\u00a0\u00bb text_font=\u00a0\u00bbCedarville Cursive||||||||\u00a0\u00bb text_font_size=\u00a0\u00bb22px\u00a0\u00bb global_colors_info=\u00a0\u00bb{}\u00a0\u00bb]<\/p>\n<p><strong>Quoi de plus repr\u00e9sentatif de la Dolce Vita Italienne qu\u2019un moment de partage autour d\u2019un vrai espresso ou cappuccino ?<\/strong><\/p>\n<p>[\/et_pb_text][et_pb_text _builder_version=\u00a0\u00bb4.23.1&Prime; _module_preset=\u00a0\u00bbdefault\u00a0\u00bb global_colors_info=\u00a0\u00bb{}\u00a0\u00bb]<\/p>\n<p class=\"p1\">C\u2019est dans cet esprit que nous torr\u00e9fions \u00e0 l\u2019italienne, de mani\u00e8re artisanale, \u00e0 la demande et en petite quantit\u00e9, du caf\u00e9 que nous s\u00e9lectionnons en fonction de son origine, sa qualit\u00e9 et sa tra\u00e7abilit\u00e9.<\/p>\n<p>[\/et_pb_text][\/et_pb_column][\/et_pb_row][\/et_pb_section][et_pb_section fb_built=\u00a0\u00bb1&Prime; module_id=\u00a0\u00bblivraisoncafe\u00a0\u00bb module_class=\u00a0\u00bblivraisoncafe\u00a0\u00bb _builder_version=\u00a0\u00bb4.23.1&Prime; _module_preset=\u00a0\u00bbdefault\u00a0\u00bb background_color=\u00a0\u00bb#ffffff\u00a0\u00bb global_colors_info=\u00a0\u00bb{}\u00a0\u00bb][et_pb_row _builder_version=\u00a0\u00bb4.23.1&Prime; _module_preset=\u00a0\u00bbdefault\u00a0\u00bb min_height=\u00a0\u00bb91.8px\u00a0\u00bb custom_margin=\u00a0\u00bb||-32px||false|false\u00a0\u00bb custom_padding=\u00a0\u00bb||0px||false|false\u00a0\u00bb locked=\u00a0\u00bboff\u00a0\u00bb global_colors_info=\u00a0\u00bb{}\u00a0\u00bb][et_pb_column type=\u00a0\u00bb4_4&Prime; _builder_version=\u00a0\u00bb4.23.1&Prime; _module_preset=\u00a0\u00bbdefault\u00a0\u00bb global_colors_info=\u00a0\u00bb{}\u00a0\u00bb][et_pb_text _builder_version=\u00a0\u00bb4.23.1&Prime; _module_preset=\u00a0\u00bbdefault\u00a0\u00bb text_font=\u00a0\u00bb|||on|||||\u00a0\u00bb text_text_color=\u00a0\u00bbrgba(0,0,0,0.6)\u00a0\u00bb text_font_size=\u00a0\u00bb20px\u00a0\u00bb min_height=\u00a0\u00bb70.6px\u00a0\u00bb custom_margin=\u00a0\u00bb||-37px||false|false\u00a0\u00bb custom_padding=\u00a0\u00bb||0px||false|false\u00a0\u00bb locked=\u00a0\u00bboff\u00a0\u00bb global_colors_info=\u00a0\u00bb{}\u00a0\u00bb]<\/p>\n<p style=\"text-align: center;\"><span style=\"text-decoration: underline;\"><strong>Livraison<\/strong><\/span><strong><\/strong><\/p>\n<p>[\/et_pb_text][et_pb_text disabled_on=\u00a0\u00bboff|on|on\u00a0\u00bb _builder_version=\u00a0\u00bb4.23.1&Prime; _module_preset=\u00a0\u00bbdefault\u00a0\u00bb global_colors_info=\u00a0\u00bb{}\u00a0\u00bb]<\/p>\n<p style=\"text-align: center;\">Autour d&rsquo;Annecy, en France et en Suisse<\/p>\n<p>[\/et_pb_text][\/et_pb_column][\/et_pb_row][et_pb_row column_structure=\u00a0\u00bb1_2,1_2&Prime; _builder_version=\u00a0\u00bb4.23.1&Prime; _module_preset=\u00a0\u00bbdefault\u00a0\u00bb module_alignment=\u00a0\u00bbcenter\u00a0\u00bb min_height=\u00a0\u00bb123.8px\u00a0\u00bb custom_padding=\u00a0\u00bb5px|||||\u00a0\u00bb locked=\u00a0\u00bboff\u00a0\u00bb global_colors_info=\u00a0\u00bb{}\u00a0\u00bb][et_pb_column type=\u00a0\u00bb1_2&Prime; _builder_version=\u00a0\u00bb4.23.1&Prime; _module_preset=\u00a0\u00bbdefault\u00a0\u00bb global_colors_info=\u00a0\u00bb{}\u00a0\u00bb][et_pb_image src=\u00a0\u00bbhttps:\/\/luigi-italie.com\/wp-content\/uploads\/2024\/11\/Livraison-22.png\u00a0\u00bb alt=\u00a0\u00bbLivraison en vespa autour d&rsquo;Annecy\u00a0\u00bb title_text=\u00a0\u00bbLivraison-Vespa\u00a0\u00bb _builder_version=\u00a0\u00bb4.23.1&Prime; _module_preset=\u00a0\u00bbdefault\u00a0\u00bb width=\u00a0\u00bb26%\u00a0\u00bb module_alignment=\u00a0\u00bbcenter\u00a0\u00bb global_colors_info=\u00a0\u00bb{}\u00a0\u00bb][\/et_pb_image][et_pb_text _builder_version=\u00a0\u00bb4.23.1&Prime; _module_preset=\u00a0\u00bbdefault\u00a0\u00bb text_font=\u00a0\u00bb|||on|||||\u00a0\u00bb text_font_size=\u00a0\u00bb20px\u00a0\u00bb text_orientation=\u00a0\u00bbcenter\u00a0\u00bb custom_margin=\u00a0\u00bb-33px|||||\u00a0\u00bb global_colors_info=\u00a0\u00bb{}\u00a0\u00bb]<\/p>\n<p><strong>Livraison en Vespa autour d\u2019Annecy<\/strong><\/p>\n<p>[\/et_pb_text][et_pb_text _builder_version=\u00a0\u00bb4.23.1&Prime; _module_preset=\u00a0\u00bbdefault\u00a0\u00bb text_text_color=\u00a0\u00bb#8da25f\u00a0\u00bb text_font_size=\u00a0\u00bb19px\u00a0\u00bb min_height=\u00a0\u00bb80.4px\u00a0\u00bb custom_margin=\u00a0\u00bb-5px||16px|||\u00a0\u00bb locked=\u00a0\u00bboff\u00a0\u00bb global_colors_info=\u00a0\u00bb{}\u00a0\u00bb]<\/p>\n<p class=\"p1\" style=\"text-align: center;\"><b style=\"font-size: 19px;\">Livraison offerte sur les communes d&rsquo;Annecy (74000) et d&rsquo;Annecy-le-Vieux (74940)<\/b><\/p>\n<p>[\/et_pb_text][et_pb_image src=\u00a0\u00bbhttps:\/\/luigi-italie.com\/wp-content\/uploads\/2025\/05\/Zone-livraison-Luigi-Annecy-France-Suisse-MAJ-du-05.25.jpg\u00a0\u00bb alt=\u00a0\u00bbLIVRAISON AUTOUR D&rsquo;ANNECY\u00a0\u00bb title_text=\u00a0\u00bbLIVRAISON AUTOUR D&rsquo;ANNECY\u00a0\u00bb show_in_lightbox=\u00a0\u00bbon\u00a0\u00bb force_fullwidth=\u00a0\u00bbon\u00a0\u00bb _builder_version=\u00a0\u00bb4.23.1&Prime; _module_preset=\u00a0\u00bbdefault\u00a0\u00bb custom_margin=\u00a0\u00bb-18px|||||\u00a0\u00bb custom_margin_tablet=\u00a0\u00bb-18px|||||\u00a0\u00bb custom_margin_phone=\u00a0\u00bb0px||||false|false\u00a0\u00bb custom_margin_last_edited=\u00a0\u00bbon|phone\u00a0\u00bb global_colors_info=\u00a0\u00bb{}\u00a0\u00bb][\/et_pb_image][\/et_pb_column][et_pb_column type=\u00a0\u00bb1_2&Prime; _builder_version=\u00a0\u00bb4.23.1&Prime; _module_preset=\u00a0\u00bbdefault\u00a0\u00bb background_enable_color=\u00a0\u00bboff\u00a0\u00bb custom_padding=\u00a0\u00bb9px|2px|9px|2px|false|false\u00a0\u00bb border_color_all=\u00a0\u00bbRGBA(255,255,255,0)\u00a0\u00bb global_colors_info=\u00a0\u00bb{}\u00a0\u00bb][et_pb_image src=\u00a0\u00bbhttps:\/\/luigi-italie.com\/wp-content\/uploads\/2024\/11\/Livraison-23.png\u00a0\u00bb alt=\u00a0\u00bbEnvoi par colis dans toutes la France et la Suisse\u00a0\u00bb title_text=\u00a0\u00bbEnvoi par colis dans toutes la France et la Suisse\u00a0\u00bb _builder_version=\u00a0\u00bb4.23.1&Prime; _module_preset=\u00a0\u00bbdefault\u00a0\u00bb width=\u00a0\u00bb26%\u00a0\u00bb module_alignment=\u00a0\u00bbcenter\u00a0\u00bb min_height=\u00a0\u00bb104.6px\u00a0\u00bb custom_margin=\u00a0\u00bb-7px|||||\u00a0\u00bb global_colors_info=\u00a0\u00bb{}\u00a0\u00bb][\/et_pb_image][et_pb_text _builder_version=\u00a0\u00bb4.23.1&Prime; _module_preset=\u00a0\u00bbdefault\u00a0\u00bb text_font=\u00a0\u00bb|||on|||||\u00a0\u00bb text_font_size=\u00a0\u00bb20px\u00a0\u00bb text_orientation=\u00a0\u00bbcenter\u00a0\u00bb custom_margin=\u00a0\u00bb-33px|||||\u00a0\u00bb global_colors_info=\u00a0\u00bb{}\u00a0\u00bb]<\/p>\n<p><strong>envoi par colis en france et EN suisse<\/strong><\/p>\n<p>[\/et_pb_text][et_pb_text _builder_version=\u00a0\u00bb4.23.1&Prime; _module_preset=\u00a0\u00bbdefault\u00a0\u00bb text_font_size=\u00a0\u00bb17px\u00a0\u00bb locked=\u00a0\u00bboff\u00a0\u00bb global_colors_info=\u00a0\u00bb{}\u00a0\u00bb]<\/p>\n<p style=\"text-align: center;\"><b><i>\u00c0 PARTIR DE 5\u20ac<\/i><\/b><\/p>\n<p style=\"text-align: center;\"><b><i>Le tarif d&rsquo;envoi de votre colis d\u00e9pend de son poids et de sa destination. Contactez-nous\u00a0 pour connaitre les frais de livraison pr\u00e9cis de votre commande.<\/i><\/b><\/p>\n<p>[\/et_pb_text][et_pb_image src=\u00a0\u00bbhttps:\/\/luigi-italie.com\/wp-content\/uploads\/2024\/11\/Zone-livraison-Luigi-Annecy-France-Suisse-02.jpg\u00a0\u00bb alt=\u00a0\u00bbENVOI PAR COLIS EN FRANCE ET EN SUISSE\u00a0\u00bb title_text=\u00a0\u00bbZone livraison Luigi &#8211; Annecy-France-Suisse-02&Prime; show_in_lightbox=\u00a0\u00bbon\u00a0\u00bb force_fullwidth=\u00a0\u00bbon\u00a0\u00bb _builder_version=\u00a0\u00bb4.23.1&Prime; _module_preset=\u00a0\u00bbdefault\u00a0\u00bb global_colors_info=\u00a0\u00bb{}\u00a0\u00bb][\/et_pb_image][\/et_pb_column][\/et_pb_row][et_pb_row _builder_version=\u00a0\u00bb4.23.1&Prime; _module_preset=\u00a0\u00bbdefault\u00a0\u00bb min_height=\u00a0\u00bb91.8px\u00a0\u00bb custom_margin=\u00a0\u00bb||-32px||false|false\u00a0\u00bb custom_padding=\u00a0\u00bb||0px||false|false\u00a0\u00bb locked=\u00a0\u00bboff\u00a0\u00bb global_colors_info=\u00a0\u00bb{}\u00a0\u00bb][et_pb_column type=\u00a0\u00bb4_4&Prime; _builder_version=\u00a0\u00bb4.23.1&Prime; _module_preset=\u00a0\u00bbdefault\u00a0\u00bb global_colors_info=\u00a0\u00bb{}\u00a0\u00bb][et_pb_text _builder_version=\u00a0\u00bb4.23.1&Prime; _module_preset=\u00a0\u00bbdefault\u00a0\u00bb text_font=\u00a0\u00bb|||on|||||\u00a0\u00bb text_text_color=\u00a0\u00bbrgba(0,0,0,0.6)\u00a0\u00bb text_font_size=\u00a0\u00bb20px\u00a0\u00bb min_height=\u00a0\u00bb70.6px\u00a0\u00bb custom_margin=\u00a0\u00bb||-37px||false|false\u00a0\u00bb custom_padding=\u00a0\u00bb||0px||false|false\u00a0\u00bb locked=\u00a0\u00bboff\u00a0\u00bb global_colors_info=\u00a0\u00bb{}\u00a0\u00bb]<\/p>\n<p style=\"text-align: center;\"><span style=\"text-decoration: underline;\"><strong>Paiement<\/strong><\/span><\/p>\n<p>[\/et_pb_text][\/et_pb_column][\/et_pb_row][et_pb_row column_structure=\u00a0\u00bb1_2,1_2&Prime; _builder_version=\u00a0\u00bb4.23.1&Prime; _module_preset=\u00a0\u00bbdefault\u00a0\u00bb locked=\u00a0\u00bboff\u00a0\u00bb global_colors_info=\u00a0\u00bb{}\u00a0\u00bb][et_pb_column type=\u00a0\u00bb1_2&Prime; _builder_version=\u00a0\u00bb4.23.1&Prime; _module_preset=\u00a0\u00bbdefault\u00a0\u00bb global_colors_info=\u00a0\u00bb{}\u00a0\u00bb][et_pb_image src=\u00a0\u00bbhttps:\/\/luigi-italie.com\/wp-content\/uploads\/2025\/05\/Picto-paiement.png\u00a0\u00bb alt=\u00a0\u00bbCh\u00e8que ou esp\u00e8ces\u00a0\u00bb title_text=\u00a0\u00bbPicto paiement\u00a0\u00bb align=\u00a0\u00bbcenter\u00a0\u00bb _builder_version=\u00a0\u00bb4.23.1&Prime; _module_preset=\u00a0\u00bbdefault\u00a0\u00bb width=\u00a0\u00bb26%\u00a0\u00bb global_colors_info=\u00a0\u00bb{}\u00a0\u00bb][\/et_pb_image][et_pb_text _builder_version=\u00a0\u00bb4.23.1&Prime; _module_preset=\u00a0\u00bbdefault\u00a0\u00bb custom_margin=\u00a0\u00bb-24px|||||\u00a0\u00bb global_colors_info=\u00a0\u00bb{}\u00a0\u00bb]<\/p>\n<p style=\"text-align: center;\"><span><strong><span style=\"text-decoration: underline;\">Autour d&rsquo;A<\/span><span style=\"text-decoration: underline;\">nnecy<\/span> :<\/strong><br \/><\/span><span>En esp\u00e8ces, ch\u00e8que ou virement instantan\u00e9 (Wero) \u00e0 la livraison<\/span><\/p>\n<p>[\/et_pb_text][\/et_pb_column][et_pb_column type=\u00a0\u00bb1_2&Prime; _builder_version=\u00a0\u00bb4.23.1&Prime; _module_preset=\u00a0\u00bbdefault\u00a0\u00bb global_colors_info=\u00a0\u00bb{}\u00a0\u00bb][et_pb_image src=\u00a0\u00bbhttps:\/\/luigi-italie.com\/wp-content\/uploads\/2025\/01\/Tarifs-et-picto-25.png\u00a0\u00bb alt=\u00a0\u00bbVirement bancaire\u00a0\u00bb title_text=\u00a0\u00bbTarifs et picto-25&Prime; align=\u00a0\u00bbcenter\u00a0\u00bb _builder_version=\u00a0\u00bb4.23.1&Prime; _module_preset=\u00a0\u00bbdefault\u00a0\u00bb width=\u00a0\u00bb26%\u00a0\u00bb global_colors_info=\u00a0\u00bb{}\u00a0\u00bb][\/et_pb_image][et_pb_text _builder_version=\u00a0\u00bb4.23.1&Prime; _module_preset=\u00a0\u00bbdefault\u00a0\u00bb custom_margin=\u00a0\u00bb-24px|||||\u00a0\u00bb global_colors_info=\u00a0\u00bb{}\u00a0\u00bb]<\/p>\n<p style=\"text-align: center;\"><span><strong><span style=\"text-decoration: underline;\">Envoi par colis<\/span> :<\/strong><br \/><\/span><span>Par virement instantan\u00e9 (Wero) ou virement bancaire avant l&rsquo;exp\u00e9dition de votre commande<\/span><\/p>\n<p>[\/et_pb_text][\/et_pb_column][\/et_pb_row][\/et_pb_section][et_pb_section fb_built=\u00a0\u00bb1&Prime; _builder_version=\u00a0\u00bb4.23.1&Prime; _module_preset=\u00a0\u00bbdefault\u00a0\u00bb background_color=\u00a0\u00bb#f4eee3&Prime; locked=\u00a0\u00bboff\u00a0\u00bb global_colors_info=\u00a0\u00bb{}\u00a0\u00bb][et_pb_row _builder_version=\u00a0\u00bb4.23.1&Prime; _module_preset=\u00a0\u00bbdefault\u00a0\u00bb global_colors_info=\u00a0\u00bb{}\u00a0\u00bb][et_pb_column type=\u00a0\u00bb4_4&Prime; _builder_version=\u00a0\u00bb4.23.1&Prime; _module_preset=\u00a0\u00bbdefault\u00a0\u00bb global_colors_info=\u00a0\u00bb{}\u00a0\u00bb][et_pb_text _builder_version=\u00a0\u00bb4.23.1&Prime; _module_preset=\u00a0\u00bbdefault\u00a0\u00bb text_font=\u00a0\u00bb|||on|||||\u00a0\u00bb text_text_color=\u00a0\u00bbrgba(0,0,0,0.6)\u00a0\u00bb text_font_size=\u00a0\u00bb20px\u00a0\u00bb global_colors_info=\u00a0\u00bb{}\u00a0\u00bb]<\/p>\n<p style=\"text-align: center;\"><strong>Contact pour commander<\/strong><\/p>\n<p>[\/et_pb_text][\/et_pb_column][\/et_pb_row][et_pb_row column_structure=\u00a0\u00bb2_5,3_5&Prime; _builder_version=\u00a0\u00bb4.23.1&Prime; _module_preset=\u00a0\u00bbdefault\u00a0\u00bb global_colors_info=\u00a0\u00bb{}\u00a0\u00bb][et_pb_column type=\u00a0\u00bb2_5&Prime; _builder_version=\u00a0\u00bb4.23.1&Prime; _module_preset=\u00a0\u00bbdefault\u00a0\u00bb global_colors_info=\u00a0\u00bb{}\u00a0\u00bb][et_pb_image src=\u00a0\u00bbhttps:\/\/luigi-italie.com\/wp-content\/uploads\/2023\/08\/LUIGI_CAFE_LOGO_SIMPLE-1.png\u00a0\u00bb title_text=\u00a0\u00bbLUIGI_CAFE_LOGO_SIMPLE-1&Prime; _builder_version=\u00a0\u00bb4.23.1&Prime; _module_preset=\u00a0\u00bbdefault\u00a0\u00bb width=\u00a0\u00bb62%\u00a0\u00bb module_alignment=\u00a0\u00bbcenter\u00a0\u00bb global_colors_info=\u00a0\u00bb{}\u00a0\u00bb][\/et_pb_image][et_pb_text _builder_version=\u00a0\u00bb4.23.1&Prime; _module_preset=\u00a0\u00bbdefault\u00a0\u00bb global_colors_info=\u00a0\u00bb{}\u00a0\u00bb]<\/p>\n<p class=\"p1\" style=\"text-align: center;\"><span>+33 (0) 7 82 81 02 29<\/span><br \/>contact@luigi-italie.com<\/p>\n<p class=\"p1\" style=\"text-align: center;\">Annecy<\/p>\n<p class=\"p1\" style=\"text-align: center;\"><em>Du lundi au vendredi, de 9h \u00e0 18h30<\/em><\/p>\n<p>[\/et_pb_text][et_pb_icon font_icon=\u00a0\u00bb&#xf232;||fa||400&Prime; icon_width=\u00a0\u00bb24px\u00a0\u00bb url_new_window=\u00a0\u00bbon\u00a0\u00bb _builder_version=\u00a0\u00bb4.23.1&Prime; _module_preset=\u00a0\u00bbdefault\u00a0\u00bb custom_margin=\u00a0\u00bb||5px||false|false\u00a0\u00bb locked=\u00a0\u00bboff\u00a0\u00bb global_colors_info=\u00a0\u00bb{}\u00a0\u00bb][\/et_pb_icon][et_pb_icon font_icon=\u00a0\u00bb&#xe0b1;||divi||400&Prime; icon_width=\u00a0\u00bb24px\u00a0\u00bb url=\u00a0\u00bbhttps:\/\/www.instagram.com\/luigi_italie\/\u00a0\u00bb url_new_window=\u00a0\u00bbon\u00a0\u00bb _builder_version=\u00a0\u00bb4.23.1&Prime; _module_preset=\u00a0\u00bbdefault\u00a0\u00bb custom_margin=\u00a0\u00bb||5px||false|false\u00a0\u00bb custom_padding=\u00a0\u00bb||0px||false|false\u00a0\u00bb locked=\u00a0\u00bboff\u00a0\u00bb global_colors_info=\u00a0\u00bb{}\u00a0\u00bb][\/et_pb_icon][et_pb_icon font_icon=\u00a0\u00bb&#xf09a;||fa||400&Prime; icon_width=\u00a0\u00bb24px\u00a0\u00bb url=\u00a0\u00bbhttps:\/\/www.facebook.com\/profile.php?id=61556566662397&Prime; url_new_window=\u00a0\u00bbon\u00a0\u00bb _builder_version=\u00a0\u00bb4.23.1&Prime; _module_preset=\u00a0\u00bbdefault\u00a0\u00bb custom_margin=\u00a0\u00bb||5px||false|false\u00a0\u00bb locked=\u00a0\u00bboff\u00a0\u00bb global_colors_info=\u00a0\u00bb{}\u00a0\u00bb][\/et_pb_icon][et_pb_icon font_icon=\u00a0\u00bb&#xe0b4;||divi||400&Prime; icon_width=\u00a0\u00bb24px\u00a0\u00bb url=\u00a0\u00bbhttps:\/\/www.linkedin.com\/company\/luigi-italie\/\u00a0\u00bb url_new_window=\u00a0\u00bbon\u00a0\u00bb _builder_version=\u00a0\u00bb4.23.1&Prime; _module_preset=\u00a0\u00bbdefault\u00a0\u00bb locked=\u00a0\u00bboff\u00a0\u00bb global_colors_info=\u00a0\u00bb{}\u00a0\u00bb][\/et_pb_icon][\/et_pb_column][et_pb_column type=\u00a0\u00bb3_5&Prime; _builder_version=\u00a0\u00bb4.23.1&Prime; _module_preset=\u00a0\u00bbdefault\u00a0\u00bb global_colors_info=\u00a0\u00bb{}\u00a0\u00bb][et_pb_text _builder_version=\u00a0\u00bb4.23.1&Prime; _module_preset=\u00a0\u00bbdefault\u00a0\u00bb locked=\u00a0\u00bboff\u00a0\u00bb global_colors_info=\u00a0\u00bb{}\u00a0\u00bb]<\/p>\n<p class=\"p1\"><i>Les \u00e9l\u00e9ments transmis gr\u00e2ce \u00e0 ce <strong>formulaire de pr\u00e9commandes<\/strong> seront revalid\u00e9s ensemble par t\u00e9l\u00e9phone d\u00e8s r\u00e9ception :<\/i><\/p>\n<p>[\/et_pb_text][et_pb_contact_form email=\u00a0\u00bbcontact@luigi-italie.com\u00a0\u00bb success_message=\u00a0\u00bbMessage bien envoy\u00e9, merci !\u00a0\u00bb _builder_version=\u00a0\u00bb4.23.1&Prime; _module_preset=\u00a0\u00bbdefault\u00a0\u00bb _unique_id=\u00a0\u00bb82c9ce2b-4c25-4ca7-be6f-d5f9e3139ac4&Prime; form_field_background_color=\u00a0\u00bb#FFFFFF\u00a0\u00bb title_text_color=\u00a0\u00bb#FFFFFF\u00a0\u00bb custom_button=\u00a0\u00bbon\u00a0\u00bb button_text_color=\u00a0\u00bb#8da25f\u00a0\u00bb button_bg_color=\u00a0\u00bb#FFFFFF\u00a0\u00bb locked=\u00a0\u00bboff\u00a0\u00bb global_colors_info=\u00a0\u00bb{}\u00a0\u00bb][et_pb_contact_field field_id=\u00a0\u00bbName\u00a0\u00bb field_title=\u00a0\u00bbNom, Pr\u00e9nom\u00a0\u00bb _builder_version=\u00a0\u00bb4.23.1&Prime; global_colors_info=\u00a0\u00bb{}\u00a0\u00bb button_text_size__hover_enabled=\u00a0\u00bboff\u00a0\u00bb button_one_text_size__hover_enabled=\u00a0\u00bboff\u00a0\u00bb button_two_text_size__hover_enabled=\u00a0\u00bboff\u00a0\u00bb button_text_color__hover_enabled=\u00a0\u00bboff\u00a0\u00bb button_one_text_color__hover_enabled=\u00a0\u00bboff\u00a0\u00bb button_two_text_color__hover_enabled=\u00a0\u00bboff\u00a0\u00bb button_border_width__hover_enabled=\u00a0\u00bboff\u00a0\u00bb button_one_border_width__hover_enabled=\u00a0\u00bboff\u00a0\u00bb button_two_border_width__hover_enabled=\u00a0\u00bboff\u00a0\u00bb button_border_color__hover_enabled=\u00a0\u00bboff\u00a0\u00bb button_one_border_color__hover_enabled=\u00a0\u00bboff\u00a0\u00bb button_two_border_color__hover_enabled=\u00a0\u00bboff\u00a0\u00bb button_border_radius__hover_enabled=\u00a0\u00bboff\u00a0\u00bb button_one_border_radius__hover_enabled=\u00a0\u00bboff\u00a0\u00bb button_two_border_radius__hover_enabled=\u00a0\u00bboff\u00a0\u00bb button_letter_spacing__hover_enabled=\u00a0\u00bboff\u00a0\u00bb button_one_letter_spacing__hover_enabled=\u00a0\u00bboff\u00a0\u00bb button_two_letter_spacing__hover_enabled=\u00a0\u00bboff\u00a0\u00bb button_bg_color__hover_enabled=\u00a0\u00bboff\u00a0\u00bb button_one_bg_color__hover_enabled=\u00a0\u00bboff\u00a0\u00bb button_two_bg_color__hover_enabled=\u00a0\u00bboff\u00a0\u00bb][\/et_pb_contact_field][et_pb_contact_field field_id=\u00a0\u00bbT\u00e9lephone\u00a0\u00bb field_title=\u00a0\u00bbT\u00e9l\u00e9phone\u00a0\u00bb _builder_version=\u00a0\u00bb4.23.1&Prime; global_colors_info=\u00a0\u00bb{}\u00a0\u00bb button_text_size__hover_enabled=\u00a0\u00bboff\u00a0\u00bb button_one_text_size__hover_enabled=\u00a0\u00bboff\u00a0\u00bb button_two_text_size__hover_enabled=\u00a0\u00bboff\u00a0\u00bb button_text_color__hover_enabled=\u00a0\u00bboff\u00a0\u00bb button_one_text_color__hover_enabled=\u00a0\u00bboff\u00a0\u00bb button_two_text_color__hover_enabled=\u00a0\u00bboff\u00a0\u00bb button_border_width__hover_enabled=\u00a0\u00bboff\u00a0\u00bb button_one_border_width__hover_enabled=\u00a0\u00bboff\u00a0\u00bb button_two_border_width__hover_enabled=\u00a0\u00bboff\u00a0\u00bb button_border_color__hover_enabled=\u00a0\u00bboff\u00a0\u00bb button_one_border_color__hover_enabled=\u00a0\u00bboff\u00a0\u00bb button_two_border_color__hover_enabled=\u00a0\u00bboff\u00a0\u00bb button_border_radius__hover_enabled=\u00a0\u00bboff\u00a0\u00bb button_one_border_radius__hover_enabled=\u00a0\u00bboff\u00a0\u00bb button_two_border_radius__hover_enabled=\u00a0\u00bboff\u00a0\u00bb button_letter_spacing__hover_enabled=\u00a0\u00bboff\u00a0\u00bb button_one_letter_spacing__hover_enabled=\u00a0\u00bboff\u00a0\u00bb button_two_letter_spacing__hover_enabled=\u00a0\u00bboff\u00a0\u00bb button_bg_color__hover_enabled=\u00a0\u00bboff\u00a0\u00bb button_one_bg_color__hover_enabled=\u00a0\u00bboff\u00a0\u00bb button_two_bg_color__hover_enabled=\u00a0\u00bboff\u00a0\u00bb][\/et_pb_contact_field][et_pb_contact_field field_id=\u00a0\u00bbEmail\u00a0\u00bb field_title=\u00a0\u00bbAdresse e-mail\u00a0\u00bb field_type=\u00a0\u00bbemail\u00a0\u00bb fullwidth_field=\u00a0\u00bbon\u00a0\u00bb _builder_version=\u00a0\u00bb4.23.1&Prime; global_colors_info=\u00a0\u00bb{}\u00a0\u00bb button_text_size__hover_enabled=\u00a0\u00bboff\u00a0\u00bb button_one_text_size__hover_enabled=\u00a0\u00bboff\u00a0\u00bb button_two_text_size__hover_enabled=\u00a0\u00bboff\u00a0\u00bb button_text_color__hover_enabled=\u00a0\u00bboff\u00a0\u00bb button_one_text_color__hover_enabled=\u00a0\u00bboff\u00a0\u00bb button_two_text_color__hover_enabled=\u00a0\u00bboff\u00a0\u00bb button_border_width__hover_enabled=\u00a0\u00bboff\u00a0\u00bb button_one_border_width__hover_enabled=\u00a0\u00bboff\u00a0\u00bb button_two_border_width__hover_enabled=\u00a0\u00bboff\u00a0\u00bb button_border_color__hover_enabled=\u00a0\u00bboff\u00a0\u00bb button_one_border_color__hover_enabled=\u00a0\u00bboff\u00a0\u00bb button_two_border_color__hover_enabled=\u00a0\u00bboff\u00a0\u00bb button_border_radius__hover_enabled=\u00a0\u00bboff\u00a0\u00bb button_one_border_radius__hover_enabled=\u00a0\u00bboff\u00a0\u00bb button_two_border_radius__hover_enabled=\u00a0\u00bboff\u00a0\u00bb button_letter_spacing__hover_enabled=\u00a0\u00bboff\u00a0\u00bb button_one_letter_spacing__hover_enabled=\u00a0\u00bboff\u00a0\u00bb button_two_letter_spacing__hover_enabled=\u00a0\u00bboff\u00a0\u00bb button_bg_color__hover_enabled=\u00a0\u00bboff\u00a0\u00bb button_one_bg_color__hover_enabled=\u00a0\u00bboff\u00a0\u00bb button_two_bg_color__hover_enabled=\u00a0\u00bboff\u00a0\u00bb][\/et_pb_contact_field][et_pb_contact_field field_id=\u00a0\u00bbVous_souhaitez_Huile-dolive\u00a0\u00bb field_title=\u00a0\u00bbVOUS SOUHAITEZ DE L&rsquo;HUILE D&rsquo;OLIVE :\u00a0\u00bb field_type=\u00a0\u00bbcheckbox\u00a0\u00bb checkbox_options=\u00a0\u00bb%91{%22value%22:%22Taggiasca &#8211; 18\u20ac\/75cl%22,%22checked%22:0,%22dragID%22:-1},{%22value%22:%22Taggiasca BIO &#8211; 14\u20ac\/50cl%22,%22checked%22:0,%22dragID%22:0},{%22value%22:%22Antiquo &#8211; 28\u20ac\/25cl%22,%22checked%22:0,%22dragID%22:1}%93&Prime; required_mark=\u00a0\u00bboff\u00a0\u00bb fullwidth_field=\u00a0\u00bbon\u00a0\u00bb _builder_version=\u00a0\u00bb4.23.1&Prime; _module_preset=\u00a0\u00bbdefault\u00a0\u00bb global_colors_info=\u00a0\u00bb{}\u00a0\u00bb][\/et_pb_contact_field][et_pb_contact_field field_id=\u00a0\u00bbQuantit\u00e9_Huile_D&rsquo;olive\u00a0\u00bb field_title=\u00a0\u00bbQuelle quantit\u00e9 souhaitez vous ? (Huile d&rsquo;olive conditionn\u00e9e en bouteilles de 25cl, 50cl ou 75cl)\u00a0\u00bb field_type=\u00a0\u00bbselect\u00a0\u00bb select_options=\u00a0\u00bb%91{%22value%22:%2225cl%22,%22checked%22:0,%22dragID%22:-1},{%22value%22:%2250cl%22,%22checked%22:0,%22dragID%22:0},{%22value%22:%2275cl%22,%22checked%22:0,%22dragID%22:1},{%22value%22:%221L%22,%22checked%22:0,%22dragID%22:2},{%22value%22:%221,25L%22,%22checked%22:0,%22dragID%22:3},{%22value%22:%221,5L%22,%22checked%22:0,%22dragID%22:4},{%22value%22:%221,75L%22,%22checked%22:0,%22dragID%22:5},{%22value%22:%222L%22,%22checked%22:0,%22dragID%22:6},{%22value%22:%22+ de 2L (nous le pr\u00e9ciserons ensemble)%22,%22checked%22:0,%22dragID%22:9}%93&Prime; required_mark=\u00a0\u00bboff\u00a0\u00bb fullwidth_field=\u00a0\u00bbon\u00a0\u00bb _builder_version=\u00a0\u00bb4.23.1&Prime; _module_preset=\u00a0\u00bbdefault\u00a0\u00bb form_field_text_color=\u00a0\u00bbrgba(0,0,0,0.6)\u00a0\u00bb global_colors_info=\u00a0\u00bb{}\u00a0\u00bb][\/et_pb_contact_field][et_pb_contact_field field_id=\u00a0\u00bbVous_souhaitez_Caf\u00e9\u00a0\u00bb field_title=\u00a0\u00bbVOUS SOUHAITEZ DU CAFE :\u00a0\u00bb field_type=\u00a0\u00bbcheckbox\u00a0\u00bb checkbox_options=\u00a0\u00bb%91{%22value%22:%22Arabica Moka d&rsquo;Ethiopie &#8211; 7,50\u20ac\/250g%22,%22checked%22:0,%22dragID%22:-1}%93&Prime; required_mark=\u00a0\u00bboff\u00a0\u00bb fullwidth_field=\u00a0\u00bbon\u00a0\u00bb _builder_version=\u00a0\u00bb4.23.1&Prime; _module_preset=\u00a0\u00bbdefault\u00a0\u00bb global_colors_info=\u00a0\u00bb{}\u00a0\u00bb][\/et_pb_contact_field][et_pb_contact_field field_id=\u00a0\u00bbQuantit\u00e9_Caf\u00e9\u00a0\u00bb field_title=\u00a0\u00bbQuelle quantit\u00e9 souhaitez vous ? (Caf\u00e9 en grains conditionn\u00e9 en sachets de 250g)\u00a0\u00bb field_type=\u00a0\u00bbselect\u00a0\u00bb select_options=\u00a0\u00bb%91{%22value%22:%22250g%22,%22checked%22:0,%22dragID%22:-1},{%22value%22:%22500g%22,%22checked%22:0,%22dragID%22:0},{%22value%22:%22750g%22,%22checked%22:0,%22dragID%22:1},{%22value%22:%221kg%22,%22checked%22:0,%22dragID%22:2},{%22value%22:%22+ de 1kg (nous le pr\u00e9ciserons ensemble)%22,%22checked%22:0,%22dragID%22:5}%93&Prime; required_mark=\u00a0\u00bboff\u00a0\u00bb fullwidth_field=\u00a0\u00bbon\u00a0\u00bb _builder_version=\u00a0\u00bb4.23.1&Prime; _module_preset=\u00a0\u00bbdefault\u00a0\u00bb form_field_text_color=\u00a0\u00bbrgba(0,0,0,0.6)\u00a0\u00bb global_colors_info=\u00a0\u00bb{}\u00a0\u00bb][\/et_pb_contact_field][et_pb_contact_field field_id=\u00a0\u00bbCaf\u00e9\u00a0\u00bb field_title=\u00a0\u00bbChoisissez l&rsquo;intensit\u00e9 de votre caf\u00e9 :\u00a0\u00bb field_type=\u00a0\u00bbcheckbox\u00a0\u00bb checkbox_options=\u00a0\u00bb%91{%22value%22:%22Une intensit\u00e9 l\u00e9g\u00e8re, Un go\u00fbt en douceur%22,%22checked%22:0,%22dragID%22:-1},{%22value%22:%22Une intensit\u00e9 moyenne, Un go\u00fbt \u00e9quilibr\u00e9%22,%22checked%22:0,%22dragID%22:0},{%22value%22:%22Une intensit\u00e9 forte, Un go\u00fbt marqu\u00e9%22,%22checked%22:0,%22dragID%22:1}%93&Prime; required_mark=\u00a0\u00bboff\u00a0\u00bb fullwidth_field=\u00a0\u00bbon\u00a0\u00bb _builder_version=\u00a0\u00bb4.23.1&Prime; _module_preset=\u00a0\u00bbdefault\u00a0\u00bb global_colors_info=\u00a0\u00bb{}\u00a0\u00bb][\/et_pb_contact_field][et_pb_contact_field field_id=\u00a0\u00bbVous_souhaitez_Initiation-a-domicile\u00a0\u00bb field_title=\u00a0\u00bbVOUS SOUHAITEZ UNE INITIATION A DOMICILE :\u00a0\u00bb field_type=\u00a0\u00bbcheckbox\u00a0\u00bb checkbox_options=\u00a0\u00bb%91{%22value%22:%22Huile d&rsquo;olive &#8211; 48\u20ac\/pers (1h)%22,%22checked%22:0,%22dragID%22:-1},{%22value%22:%22Caf\u00e9 &#8211; 31\u20ac\/pers (45&prime;)%22,%22checked%22:0,%22dragID%22:0}%93&Prime; required_mark=\u00a0\u00bboff\u00a0\u00bb fullwidth_field=\u00a0\u00bbon\u00a0\u00bb _builder_version=\u00a0\u00bb4.23.1&Prime; _module_preset=\u00a0\u00bbdefault\u00a0\u00bb global_colors_info=\u00a0\u00bb{}\u00a0\u00bb][\/et_pb_contact_field][et_pb_contact_field field_id=\u00a0\u00bbNombre_de_personnes\u00a0\u00bb field_title=\u00a0\u00bbPour combien de personnes ?\u00a0\u00bb field_type=\u00a0\u00bbselect\u00a0\u00bb select_options=\u00a0\u00bb%91{%22value%22:%221 personne%22,%22checked%22:0,%22dragID%22:-1},{%22value%22:%222 personnes%22,%22checked%22:0,%22dragID%22:0},{%22value%22:%223 personnes%22,%22checked%22:0,%22dragID%22:1},{%22value%22:%224 personnes%22,%22checked%22:0,%22dragID%22:2},{%22value%22:%225 personnes%22,%22checked%22:0,%22dragID%22:3},{%22value%22:%226 personnes%22,%22checked%22:0,%22dragID%22:4},{%22value%22:%227 personnes%22,%22checked%22:0,%22dragID%22:5},{%22value%22:%228 personnes%22,%22checked%22:0,%22dragID%22:6},{%22value%22:%229 personnes%22,%22checked%22:0,%22dragID%22:8},{%22value%22:%22+ de 10 personnes (nous le pr\u00e9ciserons ensemble)%22,%22checked%22:0,%22dragID%22:7}%93&Prime; required_mark=\u00a0\u00bboff\u00a0\u00bb fullwidth_field=\u00a0\u00bbon\u00a0\u00bb _builder_version=\u00a0\u00bb4.23.1&Prime; _module_preset=\u00a0\u00bbdefault\u00a0\u00bb form_field_text_color=\u00a0\u00bbrgba(0,0,0,0.6)\u00a0\u00bb global_colors_info=\u00a0\u00bb{}\u00a0\u00bb][\/et_pb_contact_field][et_pb_contact_field field_id=\u00a0\u00bbDate_de_livraison_souhait\u00e9e\u00a0\u00bb field_title=\u00a0\u00bbDate de livraison \/ initiation souhait\u00e9e\u00a0\u00bb fullwidth_field=\u00a0\u00bbon\u00a0\u00bb _builder_version=\u00a0\u00bb4.23.1&Prime; _module_preset=\u00a0\u00bbdefault\u00a0\u00bb global_colors_info=\u00a0\u00bb{}\u00a0\u00bb][\/et_pb_contact_field][et_pb_contact_field field_id=\u00a0\u00bbAdresse_de_livraison_souhait\u00e9e\u00a0\u00bb field_title=\u00a0\u00bbAdresse de livraison \/ initiation souhait\u00e9e\u00a0\u00bb fullwidth_field=\u00a0\u00bbon\u00a0\u00bb _builder_version=\u00a0\u00bb4.23.1&Prime; _module_preset=\u00a0\u00bbdefault\u00a0\u00bb global_colors_info=\u00a0\u00bb{}\u00a0\u00bb][\/et_pb_contact_field][et_pb_contact_field field_id=\u00a0\u00bbDes_pr\u00e9cisions_?_D&rsquo;autres_questions_?\u00a0\u00bb field_title=\u00a0\u00bbMessage, pr\u00e9cisions, autres questions ?\u00a0\u00bb field_type=\u00a0\u00bbtext\u00a0\u00bb required_mark=\u00a0\u00bboff\u00a0\u00bb fullwidth_field=\u00a0\u00bbon\u00a0\u00bb _builder_version=\u00a0\u00bb4.23.1&Prime; global_colors_info=\u00a0\u00bb{}\u00a0\u00bb button_text_size__hover_enabled=\u00a0\u00bboff\u00a0\u00bb button_one_text_size__hover_enabled=\u00a0\u00bboff\u00a0\u00bb button_two_text_size__hover_enabled=\u00a0\u00bboff\u00a0\u00bb button_text_color__hover_enabled=\u00a0\u00bboff\u00a0\u00bb button_one_text_color__hover_enabled=\u00a0\u00bboff\u00a0\u00bb button_two_text_color__hover_enabled=\u00a0\u00bboff\u00a0\u00bb button_border_width__hover_enabled=\u00a0\u00bboff\u00a0\u00bb button_one_border_width__hover_enabled=\u00a0\u00bboff\u00a0\u00bb button_two_border_width__hover_enabled=\u00a0\u00bboff\u00a0\u00bb button_border_color__hover_enabled=\u00a0\u00bboff\u00a0\u00bb button_one_border_color__hover_enabled=\u00a0\u00bboff\u00a0\u00bb button_two_border_color__hover_enabled=\u00a0\u00bboff\u00a0\u00bb button_border_radius__hover_enabled=\u00a0\u00bboff\u00a0\u00bb button_one_border_radius__hover_enabled=\u00a0\u00bboff\u00a0\u00bb button_two_border_radius__hover_enabled=\u00a0\u00bboff\u00a0\u00bb button_letter_spacing__hover_enabled=\u00a0\u00bboff\u00a0\u00bb button_one_letter_spacing__hover_enabled=\u00a0\u00bboff\u00a0\u00bb button_two_letter_spacing__hover_enabled=\u00a0\u00bboff\u00a0\u00bb button_bg_color__hover_enabled=\u00a0\u00bboff\u00a0\u00bb button_one_bg_color__hover_enabled=\u00a0\u00bboff\u00a0\u00bb button_two_bg_color__hover_enabled=\u00a0\u00bboff\u00a0\u00bb][\/et_pb_contact_field][\/et_pb_contact_form][\/et_pb_column][\/et_pb_row][\/et_pb_section]<\/p>\n","protected":false},"excerpt":{"rendered":"<p>Torr\u00e9faction artisanale\u00e0 l\u2019italienneNos profils de torr\u00e9factions sont destin\u00e9s \u00e0 des d\u00e9gustations \u00ab italiennes \u00bb : des caf\u00e9s courts (espresso, ristretto) ou cappuccino. Nous torr\u00e9fions votre caf\u00e9 uniquement \u00e0 la demande, rien que pour vous, selon vos go\u00fbts. Un service unique et personnalis\u00e9 pour un caf\u00e9 d&rsquo;une qualit\u00e9 exceptionnelle !\u00a0Ethiopie Arabica Moka Lekempti250gr \u2248 33 espresso100% [&hellip;]<\/p>\n","protected":false},"author":1,"featured_media":0,"parent":0,"menu_order":0,"comment_status":"closed","ping_status":"closed","template":"","meta":{"_et_pb_use_builder":"on","_et_pb_old_content":"","_et_gb_content_width":"","footnotes":""},"class_list":["post-87","page","type-page","status-publish","hentry"],"yoast_head":"<!-- This site is optimized with the Yoast SEO plugin v20.12 - https:\/\/yoast.com\/wordpress\/plugins\/seo\/ -->\n<title>Torr\u00e9faction de caf\u00e9 \u00e0 l&#039;Italienne - Luigi-Italie<\/title>\n<meta name=\"description\" content=\"Torr\u00e9faction \u00e0 l\u2019italienne, \u00e0 la demande et en petite quantit\u00e9, de caf\u00e9 s\u00e9lectionn\u00e9 en fonction de son origine, sa qualit\u00e9 et sa tra\u00e7abilit\u00e9.\" \/>\n<meta name=\"robots\" content=\"index, follow, max-snippet:-1, max-image-preview:large, max-video-preview:-1\" \/>\n<link rel=\"canonical\" href=\"https:\/\/luigi-italie.com\/index.php\/cafe-annecy\/\" \/>\n<meta property=\"og:locale\" content=\"fr_FR\" \/>\n<meta property=\"og:type\" content=\"article\" \/>\n<meta property=\"og:title\" content=\"Torr\u00e9faction de caf\u00e9 \u00e0 l&#039;Italienne - Luigi-Italie\" \/>\n<meta property=\"og:description\" content=\"Torr\u00e9faction \u00e0 l\u2019italienne, \u00e0 la demande et en petite quantit\u00e9, de caf\u00e9 s\u00e9lectionn\u00e9 en fonction de son origine, sa qualit\u00e9 et sa tra\u00e7abilit\u00e9.\" \/>\n<meta property=\"og:url\" content=\"https:\/\/luigi-italie.com\/index.php\/cafe-annecy\/\" \/>\n<meta property=\"og:site_name\" content=\"Luigi-Italie\" \/>\n<meta property=\"article:modified_time\" content=\"2025-07-23T13:10:20+00:00\" \/>\n<meta property=\"og:image\" content=\"https:\/\/luigi-italie.com\/wp-content\/uploads\/2024\/02\/Image-Site-Luigi.png\" \/>\n\t<meta property=\"og:image:width\" content=\"1446\" \/>\n\t<meta property=\"og:image:height\" content=\"769\" \/>\n\t<meta property=\"og:image:type\" content=\"image\/png\" \/>\n<meta name=\"twitter:card\" content=\"summary_large_image\" \/>\n<meta name=\"twitter:label1\" content=\"Dur\u00e9e de lecture estim\u00e9e\" \/>\n\t<meta name=\"twitter:data1\" content=\"6 minutes\" \/>\n<script type=\"application\/ld+json\" class=\"yoast-schema-graph\">{\"@context\":\"https:\/\/schema.org\",\"@graph\":[{\"@type\":\"WebPage\",\"@id\":\"https:\/\/luigi-italie.com\/index.php\/cafe-annecy\/\",\"url\":\"https:\/\/luigi-italie.com\/index.php\/cafe-annecy\/\",\"name\":\"Torr\u00e9faction de caf\u00e9 \u00e0 l'Italienne - Luigi-Italie\",\"isPartOf\":{\"@id\":\"https:\/\/luigi-italie.com\/#website\"},\"datePublished\":\"2024-02-07T13:17:23+00:00\",\"dateModified\":\"2025-07-23T13:10:20+00:00\",\"description\":\"Torr\u00e9faction \u00e0 l\u2019italienne, \u00e0 la demande et en petite quantit\u00e9, de caf\u00e9 s\u00e9lectionn\u00e9 en fonction de son origine, sa qualit\u00e9 et sa tra\u00e7abilit\u00e9.\",\"breadcrumb\":{\"@id\":\"https:\/\/luigi-italie.com\/index.php\/cafe-annecy\/#breadcrumb\"},\"inLanguage\":\"fr-FR\",\"potentialAction\":[{\"@type\":\"ReadAction\",\"target\":[\"https:\/\/luigi-italie.com\/index.php\/cafe-annecy\/\"]}]},{\"@type\":\"BreadcrumbList\",\"@id\":\"https:\/\/luigi-italie.com\/index.php\/cafe-annecy\/#breadcrumb\",\"itemListElement\":[{\"@type\":\"ListItem\",\"position\":1,\"name\":\"Accueil\",\"item\":\"https:\/\/luigi-italie.com\/\"},{\"@type\":\"ListItem\",\"position\":2,\"name\":\"Torr\u00e9faction\"}]},{\"@type\":\"WebSite\",\"@id\":\"https:\/\/luigi-italie.com\/#website\",\"url\":\"https:\/\/luigi-italie.com\/\",\"name\":\"Luigi-Italie\",\"description\":\"Torrefazione di caff\u00e8 e olio d&#039;oliva\",\"publisher\":{\"@id\":\"https:\/\/luigi-italie.com\/#organization\"},\"alternateName\":\"Luigi Italie\",\"potentialAction\":[{\"@type\":\"SearchAction\",\"target\":{\"@type\":\"EntryPoint\",\"urlTemplate\":\"https:\/\/luigi-italie.com\/?s={search_term_string}\"},\"query-input\":\"required name=search_term_string\"}],\"inLanguage\":\"fr-FR\"},{\"@type\":\"Organization\",\"@id\":\"https:\/\/luigi-italie.com\/#organization\",\"name\":\"Luigi-Italie\",\"url\":\"https:\/\/luigi-italie.com\/\",\"logo\":{\"@type\":\"ImageObject\",\"inLanguage\":\"fr-FR\",\"@id\":\"https:\/\/luigi-italie.com\/#\/schema\/logo\/image\/\",\"url\":\"https:\/\/luigi-italie.com\/wp-content\/uploads\/2023\/08\/LUIGI_CAFE_LOGO_SIMPLE.png\",\"contentUrl\":\"https:\/\/luigi-italie.com\/wp-content\/uploads\/2023\/08\/LUIGI_CAFE_LOGO_SIMPLE.png\",\"width\":378,\"height\":369,\"caption\":\"Luigi-Italie\"},\"image\":{\"@id\":\"https:\/\/luigi-italie.com\/#\/schema\/logo\/image\/\"}}]}<\/script>\n<!-- \/ Yoast SEO plugin. -->","yoast_head_json":{"title":"Torr\u00e9faction de caf\u00e9 \u00e0 l'Italienne - Luigi-Italie","description":"Torr\u00e9faction \u00e0 l\u2019italienne, \u00e0 la demande et en petite quantit\u00e9, de caf\u00e9 s\u00e9lectionn\u00e9 en fonction de son origine, sa qualit\u00e9 et sa tra\u00e7abilit\u00e9.","robots":{"index":"index","follow":"follow","max-snippet":"max-snippet:-1","max-image-preview":"max-image-preview:large","max-video-preview":"max-video-preview:-1"},"canonical":"https:\/\/luigi-italie.com\/index.php\/cafe-annecy\/","og_locale":"fr_FR","og_type":"article","og_title":"Torr\u00e9faction de caf\u00e9 \u00e0 l'Italienne - Luigi-Italie","og_description":"Torr\u00e9faction \u00e0 l\u2019italienne, \u00e0 la demande et en petite quantit\u00e9, de caf\u00e9 s\u00e9lectionn\u00e9 en fonction de son origine, sa qualit\u00e9 et sa tra\u00e7abilit\u00e9.","og_url":"https:\/\/luigi-italie.com\/index.php\/cafe-annecy\/","og_site_name":"Luigi-Italie","article_modified_time":"2025-07-23T13:10:20+00:00","og_image":[{"width":1446,"height":769,"url":"https:\/\/luigi-italie.com\/wp-content\/uploads\/2024\/02\/Image-Site-Luigi.png","type":"image\/png"}],"twitter_card":"summary_large_image","twitter_misc":{"Dur\u00e9e de lecture estim\u00e9e":"6 minutes"},"schema":{"@context":"https:\/\/schema.org","@graph":[{"@type":"WebPage","@id":"https:\/\/luigi-italie.com\/index.php\/cafe-annecy\/","url":"https:\/\/luigi-italie.com\/index.php\/cafe-annecy\/","name":"Torr\u00e9faction de caf\u00e9 \u00e0 l'Italienne - Luigi-Italie","isPartOf":{"@id":"https:\/\/luigi-italie.com\/#website"},"datePublished":"2024-02-07T13:17:23+00:00","dateModified":"2025-07-23T13:10:20+00:00","description":"Torr\u00e9faction \u00e0 l\u2019italienne, \u00e0 la demande et en petite quantit\u00e9, de caf\u00e9 s\u00e9lectionn\u00e9 en fonction de son origine, sa qualit\u00e9 et sa tra\u00e7abilit\u00e9.","breadcrumb":{"@id":"https:\/\/luigi-italie.com\/index.php\/cafe-annecy\/#breadcrumb"},"inLanguage":"fr-FR","potentialAction":[{"@type":"ReadAction","target":["https:\/\/luigi-italie.com\/index.php\/cafe-annecy\/"]}]},{"@type":"BreadcrumbList","@id":"https:\/\/luigi-italie.com\/index.php\/cafe-annecy\/#breadcrumb","itemListElement":[{"@type":"ListItem","position":1,"name":"Accueil","item":"https:\/\/luigi-italie.com\/"},{"@type":"ListItem","position":2,"name":"Torr\u00e9faction"}]},{"@type":"WebSite","@id":"https:\/\/luigi-italie.com\/#website","url":"https:\/\/luigi-italie.com\/","name":"Luigi-Italie","description":"Torrefazione di caff\u00e8 e olio d&#039;oliva","publisher":{"@id":"https:\/\/luigi-italie.com\/#organization"},"alternateName":"Luigi Italie","potentialAction":[{"@type":"SearchAction","target":{"@type":"EntryPoint","urlTemplate":"https:\/\/luigi-italie.com\/?s={search_term_string}"},"query-input":"required name=search_term_string"}],"inLanguage":"fr-FR"},{"@type":"Organization","@id":"https:\/\/luigi-italie.com\/#organization","name":"Luigi-Italie","url":"https:\/\/luigi-italie.com\/","logo":{"@type":"ImageObject","inLanguage":"fr-FR","@id":"https:\/\/luigi-italie.com\/#\/schema\/logo\/image\/","url":"https:\/\/luigi-italie.com\/wp-content\/uploads\/2023\/08\/LUIGI_CAFE_LOGO_SIMPLE.png","contentUrl":"https:\/\/luigi-italie.com\/wp-content\/uploads\/2023\/08\/LUIGI_CAFE_LOGO_SIMPLE.png","width":378,"height":369,"caption":"Luigi-Italie"},"image":{"@id":"https:\/\/luigi-italie.com\/#\/schema\/logo\/image\/"}}]}},"_links":{"self":[{"href":"https:\/\/luigi-italie.com\/index.php\/wp-json\/wp\/v2\/pages\/87","targetHints":{"allow":["GET"]}}],"collection":[{"href":"https:\/\/luigi-italie.com\/index.php\/wp-json\/wp\/v2\/pages"}],"about":[{"href":"https:\/\/luigi-italie.com\/index.php\/wp-json\/wp\/v2\/types\/page"}],"author":[{"embeddable":true,"href":"https:\/\/luigi-italie.com\/index.php\/wp-json\/wp\/v2\/users\/1"}],"replies":[{"embeddable":true,"href":"https:\/\/luigi-italie.com\/index.php\/wp-json\/wp\/v2\/comments?post=87"}],"version-history":[{"count":87,"href":"https:\/\/luigi-italie.com\/index.php\/wp-json\/wp\/v2\/pages\/87\/revisions"}],"predecessor-version":[{"id":282381,"href":"https:\/\/luigi-italie.com\/index.php\/wp-json\/wp\/v2\/pages\/87\/revisions\/282381"}],"wp:attachment":[{"href":"https:\/\/luigi-italie.com\/index.php\/wp-json\/wp\/v2\/media?parent=87"}],"curies":[{"name":"wp","href":"https:\/\/api.w.org\/{rel}","templated":true}]}}